{"id":5152,"date":"2014-04-22T15:25:21","date_gmt":"2014-04-22T13:25:21","guid":{"rendered":"https:\/\/jacques-canetti.com\/produit\/non%20class\u00e9\/edith-piaf-la-vie-en-rose-cd\/"},"modified":"2016-08-04T17:28:33","modified_gmt":"2016-08-04T15:28:33","slug":"edith-piaf-la-vie-en-rose-cd","status":"publish","type":"product","link":"https:\/\/jacques-canetti.com\/en\/produit\/cd-dvd-en\/edith-piaf-la-vie-en-rose-cd\/","title":{"rendered":"Edith Piaf &#8211; La Vie en Rose (CD)"},"content":{"rendered":"<div class=\"wpb-content-wrapper\"><hr \/>\n<h2><strong><img loading=\"lazy\" decoding=\"async\" class=\"alignleft wp-image-2388\" src=\"https:\/\/jacques-canetti.com\/wp-content\/uploads\/2014\/06\/play43.png\" alt=\"\" width=\"73\" height=\"71\" \/><\/strong><\/h2>\n<p>[vc_row][vc_column width=&#8221;5\/6&#8243;]<div class=\"gap\" style=\"line-height: 10px; height: 10px;\"><\/div>[vc_accordion collapsible=&#8221;yes&#8221; active_tab=&#8221;false&#8221;][vc_accordion_tab title=&#8221;<strong>CLICK TO LISTEN TO SONGS EXTRACTS<\/strong>&#8220;]<\/p>\n<div class=\"wp-playlist wp-audio-playlist wp-playlist-light\">\n\t\t\t<div class=\"wp-playlist-current-item\"><\/div>\n\t\t<audio controls=\"controls\" preload=\"none\" width=\"1178\"\n\t\t\t><\/audio>\n\t<div class=\"wp-playlist-next\"><\/div>\n\t<div class=\"wp-playlist-prev\"><\/div>\n\t<noscript>\n\t<ol>\n\t\t<li><a href='https:\/\/jacques-canetti.com\/wp-content\/uploads\/2014\/04\/01-La-Vie-En-Rose.mp3'>La Vie En Rose<\/a><\/li><li><a href='https:\/\/jacques-canetti.com\/wp-content\/uploads\/2014\/04\/02-Padam-Padam.mp3'>Padam Padam<\/a><\/li><li><a href='https:\/\/jacques-canetti.com\/wp-content\/uploads\/2014\/04\/03-Hymne-A-LAmour.mp3'>Hymne A L'Amour<\/a><\/li><li><a href='https:\/\/jacques-canetti.com\/wp-content\/uploads\/2014\/04\/04-La-Goualante-Du-Pauvre-Jean.mp3'>La Goualante Du Pauvre Jean<\/a><\/li><li><a href='https:\/\/jacques-canetti.com\/wp-content\/uploads\/2014\/04\/05-Les-Feuilles-Mortes.mp3'>Les Feuilles Mortes<\/a><\/li><li><a href='https:\/\/jacques-canetti.com\/wp-content\/uploads\/2014\/04\/06-Johnny-Tu-Nes-Pas-Un-Ange.mp3'>Johnny Tu N'es Pas Un Ange<\/a><\/li><li><a href='https:\/\/jacques-canetti.com\/wp-content\/uploads\/2014\/04\/07-Sous-Le-Ciel-De-Paris.mp3'>Sous Le Ciel De Paris<\/a><\/li><li><a href='https:\/\/jacques-canetti.com\/wp-content\/uploads\/2014\/04\/08-Bravo-Pour-Le-Clown.mp3'>Bravo Pour Le Clown<\/a><\/li><li><a href='https:\/\/jacques-canetti.com\/wp-content\/uploads\/2014\/04\/09-LAccord\u00e9oniste.mp3'>09 L'Accord\u00e9oniste<\/a><\/li><li><a href='https:\/\/jacques-canetti.com\/wp-content\/uploads\/2014\/04\/10-Les-Trois-Cloches.mp3'>Les Trois Cloches<\/a><\/li><li><a href='https:\/\/jacques-canetti.com\/wp-content\/uploads\/2014\/04\/11-Les-Amants-De-Paris.mp3'>Les Amants De Paris<\/a><\/li><li><a href='https:\/\/jacques-canetti.com\/wp-content\/uploads\/2014\/04\/12-Dans-Les-Prisons-De-Nantes.mp3'>Dans Les Prisons De Nantes<\/a><\/li><li><a href='https:\/\/jacques-canetti.com\/wp-content\/uploads\/2014\/04\/13-Les-M\u00f4mes-De-La-Cloche.mp3'>13 Les M\u00f4mes De La Cloche<\/a><\/li><li><a href='https:\/\/jacques-canetti.com\/wp-content\/uploads\/2014\/04\/14-Mon-L\u00e9gionnaire.mp3'>14 Mon L\u00e9gionnaire<\/a><\/li><li><a href='https:\/\/jacques-canetti.com\/wp-content\/uploads\/2014\/04\/15-DLAutre-C\u00f4t\u00e9-De-La-Rue.mp3'>15 D'L'Autre C\u00f4t\u00e9 De La Rue<\/a><\/li><li><a href='https:\/\/jacques-canetti.com\/wp-content\/uploads\/2014\/04\/16-Jimmy-CEst-Lui.mp3'>Jimmy C'Est Lui<\/a><\/li><li><a href='https:\/\/jacques-canetti.com\/wp-content\/uploads\/2014\/04\/17-Reste.mp3'>Reste<\/a><\/li><li><a href='https:\/\/jacques-canetti.com\/wp-content\/uploads\/2014\/04\/18-Mon-Amant-De-La-Coloniale.mp3'>Mon Amant De La Coloniale<\/a><\/li><li><a href='https:\/\/jacques-canetti.com\/wp-content\/uploads\/2014\/04\/19-Paris-M\u00e9diterran\u00e9e.mp3'>Paris M\u00e9diterran\u00e9e<\/a><\/li><li><a href='https:\/\/jacques-canetti.com\/wp-content\/uploads\/2014\/04\/20-Interview-N\u00b0-1.mp3'>Interview N\u00b0 1<\/a><\/li><li><a href='https:\/\/jacques-canetti.com\/wp-content\/uploads\/2014\/04\/21-Interview-N\u00b0-2.mp3'>Interview N\u00b0 2<\/a><\/li><li><a href='https:\/\/jacques-canetti.com\/wp-content\/uploads\/2014\/04\/22-Interview-N\u00b0-3.mp3'>Interview N\u00b0 3<\/a><\/li><li><a href='https:\/\/jacques-canetti.com\/wp-content\/uploads\/2014\/04\/23-Interview-N\u00b0-4.mp3'>Interview N\u00b0 4<\/a><\/li><li><a href='https:\/\/jacques-canetti.com\/wp-content\/uploads\/2014\/04\/24-Interview-N\u00b0-5.mp3'>Interview N\u00b0 5<\/a><\/li><li><a href='https:\/\/jacques-canetti.com\/wp-content\/uploads\/2014\/04\/25-Interview-N\u00b0-6.mp3'>Interview N\u00b0 6<\/a><\/li>\t<\/ol>\n\t<\/noscript>\n\t<script type=\"application\/json\" class=\"wp-playlist-script\">{\"type\":\"audio\",\"tracklist\":true,\"tracknumbers\":true,\"images\":true,\"artists\":false,\"tracks\":[{\"src\":\"https:\/\/jacques-canetti.com\/wp-content\/uploads\/2014\/04\/01-La-Vie-En-Rose.mp3\",\"type\":\"audio\/mpeg\",\"title\":\"La Vie En Rose\",\"caption\":\"\",\"description\":\"\\u003Ci\\u003ELa Vie En Rose\\u003C\/i\\u003E tir\\u00e9 de \\u003Ci\\u003ELa Vie En Rose\\u003C\/i\\u003E par Productions Jacques Canetti. Piste 1. Genre&nbsp;: Alternatif\",\"meta\":{\"artist\":\"Productions Jacques Canetti\",\"album\":\"La Vie En Rose\",\"genre\":\"Alternatif\",\"length_formatted\":\"0:25\"},\"image\":{\"src\":\"https:\/\/jacques-canetti.com\/wp-includes\/images\/media\/audio.svg\",\"width\":48,\"height\":64},\"thumb\":{\"src\":\"https:\/\/jacques-canetti.com\/wp-includes\/images\/media\/audio.svg\",\"width\":48,\"height\":64}},{\"src\":\"https:\/\/jacques-canetti.com\/wp-content\/uploads\/2014\/04\/02-Padam-Padam.mp3\",\"type\":\"audio\/mpeg\",\"title\":\"Padam Padam\",\"caption\":\"\",\"description\":\"\\u003Ci\\u003EPadam Padam\\u003C\/i\\u003E tir\\u00e9 de \\u003Ci\\u003ELa Vie En Rose\\u003C\/i\\u003E par Productions Jacques Canetti. Piste 2. Genre&nbsp;: Alternatif\",\"meta\":{\"artist\":\"Productions Jacques Canetti\",\"album\":\"La Vie En Rose\",\"genre\":\"Alternatif\",\"length_formatted\":\"0:25\"},\"image\":{\"src\":\"https:\/\/jacques-canetti.com\/wp-includes\/images\/media\/audio.svg\",\"width\":48,\"height\":64},\"thumb\":{\"src\":\"https:\/\/jacques-canetti.com\/wp-includes\/images\/media\/audio.svg\",\"width\":48,\"height\":64}},{\"src\":\"https:\/\/jacques-canetti.com\/wp-content\/uploads\/2014\/04\/03-Hymne-A-LAmour.mp3\",\"type\":\"audio\/mpeg\",\"title\":\"Hymne A L'Amour\",\"caption\":\"\",\"description\":\"\\u003Ci\\u003EHymne A L'Amour\\u003C\/i\\u003E tir\\u00e9 de \\u003Ci\\u003ELa Vie En Rose\\u003C\/i\\u003E par Productions Jacques Canetti. Piste 3. Genre&nbsp;: Alternatif\",\"meta\":{\"artist\":\"Productions Jacques Canetti\",\"album\":\"La Vie En Rose\",\"genre\":\"Alternatif\",\"length_formatted\":\"0:25\"},\"image\":{\"src\":\"https:\/\/jacques-canetti.com\/wp-includes\/images\/media\/audio.svg\",\"width\":48,\"height\":64},\"thumb\":{\"src\":\"https:\/\/jacques-canetti.com\/wp-includes\/images\/media\/audio.svg\",\"width\":48,\"height\":64}},{\"src\":\"https:\/\/jacques-canetti.com\/wp-content\/uploads\/2014\/04\/04-La-Goualante-Du-Pauvre-Jean.mp3\",\"type\":\"audio\/mpeg\",\"title\":\"La Goualante Du Pauvre Jean\",\"caption\":\"\",\"description\":\"\\u003Ci\\u003ELa Goualante Du Pauvre Jean\\u003C\/i\\u003E tir\\u00e9 de \\u003Ci\\u003ELa Vie En Rose\\u003C\/i\\u003E par Productions Jacques Canetti. Piste 4. Genre&nbsp;: Alternatif\",\"meta\":{\"artist\":\"Productions Jacques Canetti\",\"album\":\"La Vie En Rose\",\"genre\":\"Alternatif\",\"length_formatted\":\"0:25\"},\"image\":{\"src\":\"https:\/\/jacques-canetti.com\/wp-includes\/images\/media\/audio.svg\",\"width\":48,\"height\":64},\"thumb\":{\"src\":\"https:\/\/jacques-canetti.com\/wp-includes\/images\/media\/audio.svg\",\"width\":48,\"height\":64}},{\"src\":\"https:\/\/jacques-canetti.com\/wp-content\/uploads\/2014\/04\/05-Les-Feuilles-Mortes.mp3\",\"type\":\"audio\/mpeg\",\"title\":\"Les Feuilles Mortes\",\"caption\":\"\",\"description\":\"\\u003Ci\\u003ELes Feuilles Mortes\\u003C\/i\\u003E tir\\u00e9 de \\u003Ci\\u003ELa Vie En Rose\\u003C\/i\\u003E par Productions Jacques Canetti. Piste 5. Genre&nbsp;: Alternatif\",\"meta\":{\"artist\":\"Productions Jacques Canetti\",\"album\":\"La Vie En Rose\",\"genre\":\"Alternatif\",\"length_formatted\":\"0:25\"},\"image\":{\"src\":\"https:\/\/jacques-canetti.com\/wp-includes\/images\/media\/audio.svg\",\"width\":48,\"height\":64},\"thumb\":{\"src\":\"https:\/\/jacques-canetti.com\/wp-includes\/images\/media\/audio.svg\",\"width\":48,\"height\":64}},{\"src\":\"https:\/\/jacques-canetti.com\/wp-content\/uploads\/2014\/04\/06-Johnny-Tu-Nes-Pas-Un-Ange.mp3\",\"type\":\"audio\/mpeg\",\"title\":\"Johnny Tu N'es Pas Un Ange\",\"caption\":\"\",\"description\":\"\\u003Ci\\u003EJohnny Tu N'es Pas Un Ange\\u003C\/i\\u003E tir\\u00e9 de \\u003Ci\\u003ELa Vie En Rose\\u003C\/i\\u003E par Productions Jacques Canetti. Piste 6. Genre&nbsp;: Alternatif\",\"meta\":{\"artist\":\"Productions Jacques Canetti\",\"album\":\"La Vie En Rose\",\"genre\":\"Alternatif\",\"length_formatted\":\"0:25\"},\"image\":{\"src\":\"https:\/\/jacques-canetti.com\/wp-includes\/images\/media\/audio.svg\",\"width\":48,\"height\":64},\"thumb\":{\"src\":\"https:\/\/jacques-canetti.com\/wp-includes\/images\/media\/audio.svg\",\"width\":48,\"height\":64}},{\"src\":\"https:\/\/jacques-canetti.com\/wp-content\/uploads\/2014\/04\/07-Sous-Le-Ciel-De-Paris.mp3\",\"type\":\"audio\/mpeg\",\"title\":\"Sous Le Ciel De Paris\",\"caption\":\"\",\"description\":\"\\u003Ci\\u003ESous Le Ciel De Paris\\u003C\/i\\u003E tir\\u00e9 de \\u003Ci\\u003ELa Vie En Rose\\u003C\/i\\u003E par Productions Jacques Canetti. Piste 7. Genre&nbsp;: Alternatif\",\"meta\":{\"artist\":\"Productions Jacques Canetti\",\"album\":\"La Vie En Rose\",\"genre\":\"Alternatif\",\"length_formatted\":\"0:25\"},\"image\":{\"src\":\"https:\/\/jacques-canetti.com\/wp-includes\/images\/media\/audio.svg\",\"width\":48,\"height\":64},\"thumb\":{\"src\":\"https:\/\/jacques-canetti.com\/wp-includes\/images\/media\/audio.svg\",\"width\":48,\"height\":64}},{\"src\":\"https:\/\/jacques-canetti.com\/wp-content\/uploads\/2014\/04\/08-Bravo-Pour-Le-Clown.mp3\",\"type\":\"audio\/mpeg\",\"title\":\"Bravo Pour Le Clown\",\"caption\":\"\",\"description\":\"\\u003Ci\\u003EBravo Pour Le Clown\\u003C\/i\\u003E tir\\u00e9 de \\u003Ci\\u003ELa Vie En Rose\\u003C\/i\\u003E par Productions Jacques Canetti. Piste 8. Genre&nbsp;: Alternatif\",\"meta\":{\"artist\":\"Productions Jacques Canetti\",\"album\":\"La Vie En Rose\",\"genre\":\"Alternatif\",\"length_formatted\":\"0:25\"},\"image\":{\"src\":\"https:\/\/jacques-canetti.com\/wp-includes\/images\/media\/audio.svg\",\"width\":48,\"height\":64},\"thumb\":{\"src\":\"https:\/\/jacques-canetti.com\/wp-includes\/images\/media\/audio.svg\",\"width\":48,\"height\":64}},{\"src\":\"https:\/\/jacques-canetti.com\/wp-content\/uploads\/2014\/04\/09-LAccord\\u00e9oniste.mp3\",\"type\":\"audio\/mpeg\",\"title\":\"09 L'Accord\\u00e9oniste\",\"caption\":\"\",\"description\":\"\\u003Ci\\u003E09 L'Accord\\u00e9oniste\\u003C\/i\\u003E tir\\u00e9 de \\u003Ci\\u003ELa Vie En Rose\\u003C\/i\\u003E par Productions Jacques Canetti. Piste 9. Genre&nbsp;: Alternatif\",\"meta\":{\"artist\":\"Productions Jacques Canetti\",\"album\":\"La Vie En Rose\",\"genre\":\"Alternatif\",\"length_formatted\":\"0:25\"},\"image\":{\"src\":\"https:\/\/jacques-canetti.com\/wp-includes\/images\/media\/audio.svg\",\"width\":48,\"height\":64},\"thumb\":{\"src\":\"https:\/\/jacques-canetti.com\/wp-includes\/images\/media\/audio.svg\",\"width\":48,\"height\":64}},{\"src\":\"https:\/\/jacques-canetti.com\/wp-content\/uploads\/2014\/04\/10-Les-Trois-Cloches.mp3\",\"type\":\"audio\/mpeg\",\"title\":\"Les Trois Cloches\",\"caption\":\"\",\"description\":\"\\u003Ci\\u003ELes Trois Cloches\\u003C\/i\\u003E tir\\u00e9 de \\u003Ci\\u003ELa Vie En Rose\\u003C\/i\\u003E par Productions Jacques Canetti. Piste 10. Genre&nbsp;: Alternatif\",\"meta\":{\"artist\":\"Productions Jacques Canetti\",\"album\":\"La Vie En Rose\",\"genre\":\"Alternatif\",\"length_formatted\":\"0:25\"},\"image\":{\"src\":\"https:\/\/jacques-canetti.com\/wp-includes\/images\/media\/audio.svg\",\"width\":48,\"height\":64},\"thumb\":{\"src\":\"https:\/\/jacques-canetti.com\/wp-includes\/images\/media\/audio.svg\",\"width\":48,\"height\":64}},{\"src\":\"https:\/\/jacques-canetti.com\/wp-content\/uploads\/2014\/04\/11-Les-Amants-De-Paris.mp3\",\"type\":\"audio\/mpeg\",\"title\":\"Les Amants De Paris\",\"caption\":\"\",\"description\":\"\\u003Ci\\u003ELes Amants De Paris\\u003C\/i\\u003E tir\\u00e9 de \\u003Ci\\u003ELa Vie En Rose\\u003C\/i\\u003E par Productions Jacques Canetti. Piste 11. Genre&nbsp;: Alternatif\",\"meta\":{\"artist\":\"Productions Jacques Canetti\",\"album\":\"La Vie En Rose\",\"genre\":\"Alternatif\",\"length_formatted\":\"0:26\"},\"image\":{\"src\":\"https:\/\/jacques-canetti.com\/wp-includes\/images\/media\/audio.svg\",\"width\":48,\"height\":64},\"thumb\":{\"src\":\"https:\/\/jacques-canetti.com\/wp-includes\/images\/media\/audio.svg\",\"width\":48,\"height\":64}},{\"src\":\"https:\/\/jacques-canetti.com\/wp-content\/uploads\/2014\/04\/12-Dans-Les-Prisons-De-Nantes.mp3\",\"type\":\"audio\/mpeg\",\"title\":\"Dans Les Prisons De Nantes\",\"caption\":\"\",\"description\":\"\\u003Ci\\u003EDans Les Prisons De Nantes\\u003C\/i\\u003E tir\\u00e9 de \\u003Ci\\u003ELa Vie En Rose\\u003C\/i\\u003E par Productions Jacques Canetti. Piste 12. Genre&nbsp;: Alternatif\",\"meta\":{\"artist\":\"Productions Jacques Canetti\",\"album\":\"La Vie En Rose\",\"genre\":\"Alternatif\",\"length_formatted\":\"0:25\"},\"image\":{\"src\":\"https:\/\/jacques-canetti.com\/wp-includes\/images\/media\/audio.svg\",\"width\":48,\"height\":64},\"thumb\":{\"src\":\"https:\/\/jacques-canetti.com\/wp-includes\/images\/media\/audio.svg\",\"width\":48,\"height\":64}},{\"src\":\"https:\/\/jacques-canetti.com\/wp-content\/uploads\/2014\/04\/13-Les-M\\u00f4mes-De-La-Cloche.mp3\",\"type\":\"audio\/mpeg\",\"title\":\"13 Les M\\u00f4mes De La Cloche\",\"caption\":\"\",\"description\":\"\\u003Ci\\u003E13 Les M\\u00f4mes De La Cloche\\u003C\/i\\u003E tir\\u00e9 de \\u003Ci\\u003ELa Vie En Rose\\u003C\/i\\u003E par Productions Jacques Canetti. Piste 13. Genre&nbsp;: Alternatif\",\"meta\":{\"artist\":\"Productions Jacques Canetti\",\"album\":\"La Vie En Rose\",\"genre\":\"Alternatif\",\"length_formatted\":\"0:25\"},\"image\":{\"src\":\"https:\/\/jacques-canetti.com\/wp-includes\/images\/media\/audio.svg\",\"width\":48,\"height\":64},\"thumb\":{\"src\":\"https:\/\/jacques-canetti.com\/wp-includes\/images\/media\/audio.svg\",\"width\":48,\"height\":64}},{\"src\":\"https:\/\/jacques-canetti.com\/wp-content\/uploads\/2014\/04\/14-Mon-L\\u00e9gionnaire.mp3\",\"type\":\"audio\/mpeg\",\"title\":\"14 Mon L\\u00e9gionnaire\",\"caption\":\"\",\"description\":\"\\u003Ci\\u003E14 Mon L\\u00e9gionnaire\\u003C\/i\\u003E tir\\u00e9 de \\u003Ci\\u003ELa Vie En Rose\\u003C\/i\\u003E par Productions Jacques Canetti. Piste 14. Genre&nbsp;: Alternatif\",\"meta\":{\"artist\":\"Productions Jacques Canetti\",\"album\":\"La Vie En Rose\",\"genre\":\"Alternatif\",\"length_formatted\":\"0:25\"},\"image\":{\"src\":\"https:\/\/jacques-canetti.com\/wp-includes\/images\/media\/audio.svg\",\"width\":48,\"height\":64},\"thumb\":{\"src\":\"https:\/\/jacques-canetti.com\/wp-includes\/images\/media\/audio.svg\",\"width\":48,\"height\":64}},{\"src\":\"https:\/\/jacques-canetti.com\/wp-content\/uploads\/2014\/04\/15-DLAutre-C\\u00f4t\\u00e9-De-La-Rue.mp3\",\"type\":\"audio\/mpeg\",\"title\":\"15 D'L'Autre C\\u00f4t\\u00e9 De La Rue\",\"caption\":\"\",\"description\":\"\\u003Ci\\u003E15 D'L'Autre C\\u00f4t\\u00e9 De La Rue\\u003C\/i\\u003E tir\\u00e9 de \\u003Ci\\u003ELa Vie En Rose\\u003C\/i\\u003E par Productions Jacques Canetti. Piste 15. Genre&nbsp;: Alternatif\",\"meta\":{\"artist\":\"Productions Jacques Canetti\",\"album\":\"La Vie En Rose\",\"genre\":\"Alternatif\",\"length_formatted\":\"0:25\"},\"image\":{\"src\":\"https:\/\/jacques-canetti.com\/wp-includes\/images\/media\/audio.svg\",\"width\":48,\"height\":64},\"thumb\":{\"src\":\"https:\/\/jacques-canetti.com\/wp-includes\/images\/media\/audio.svg\",\"width\":48,\"height\":64}},{\"src\":\"https:\/\/jacques-canetti.com\/wp-content\/uploads\/2014\/04\/16-Jimmy-CEst-Lui.mp3\",\"type\":\"audio\/mpeg\",\"title\":\"Jimmy C'Est Lui\",\"caption\":\"\",\"description\":\"\\u003Ci\\u003EJimmy C'Est Lui\\u003C\/i\\u003E tir\\u00e9 de \\u003Ci\\u003ELa Vie En Rose\\u003C\/i\\u003E par Productions Jacques Canetti. Piste 16. Genre&nbsp;: Alternatif\",\"meta\":{\"artist\":\"Productions Jacques Canetti\",\"album\":\"La Vie En Rose\",\"genre\":\"Alternatif\",\"length_formatted\":\"0:25\"},\"image\":{\"src\":\"https:\/\/jacques-canetti.com\/wp-includes\/images\/media\/audio.svg\",\"width\":48,\"height\":64},\"thumb\":{\"src\":\"https:\/\/jacques-canetti.com\/wp-includes\/images\/media\/audio.svg\",\"width\":48,\"height\":64}},{\"src\":\"https:\/\/jacques-canetti.com\/wp-content\/uploads\/2014\/04\/17-Reste.mp3\",\"type\":\"audio\/mpeg\",\"title\":\"Reste\",\"caption\":\"\",\"description\":\"\\u003Ci\\u003EReste\\u003C\/i\\u003E tir\\u00e9 de \\u003Ci\\u003ELa Vie En Rose\\u003C\/i\\u003E par Productions Jacques Canetti. Piste 17. Genre&nbsp;: Alternatif\",\"meta\":{\"artist\":\"Productions Jacques Canetti\",\"album\":\"La Vie En Rose\",\"genre\":\"Alternatif\",\"length_formatted\":\"0:25\"},\"image\":{\"src\":\"https:\/\/jacques-canetti.com\/wp-includes\/images\/media\/audio.svg\",\"width\":48,\"height\":64},\"thumb\":{\"src\":\"https:\/\/jacques-canetti.com\/wp-includes\/images\/media\/audio.svg\",\"width\":48,\"height\":64}},{\"src\":\"https:\/\/jacques-canetti.com\/wp-content\/uploads\/2014\/04\/18-Mon-Amant-De-La-Coloniale.mp3\",\"type\":\"audio\/mpeg\",\"title\":\"Mon Amant De La Coloniale\",\"caption\":\"\",\"description\":\"\\u003Ci\\u003EMon Amant De La Coloniale\\u003C\/i\\u003E tir\\u00e9 de \\u003Ci\\u003ELa Vie En Rose\\u003C\/i\\u003E par Productions Jacques Canetti. Piste 18. Genre&nbsp;: Alternatif\",\"meta\":{\"artist\":\"Productions Jacques Canetti\",\"album\":\"La Vie En Rose\",\"genre\":\"Alternatif\",\"length_formatted\":\"0:25\"},\"image\":{\"src\":\"https:\/\/jacques-canetti.com\/wp-includes\/images\/media\/audio.svg\",\"width\":48,\"height\":64},\"thumb\":{\"src\":\"https:\/\/jacques-canetti.com\/wp-includes\/images\/media\/audio.svg\",\"width\":48,\"height\":64}},{\"src\":\"https:\/\/jacques-canetti.com\/wp-content\/uploads\/2014\/04\/19-Paris-M\\u00e9diterran\\u00e9e.mp3\",\"type\":\"audio\/mpeg\",\"title\":\"Paris M\\u00e9diterran\\u00e9e\",\"caption\":\"\",\"description\":\"\\u003Ci\\u003E19 Paris M\\u00e9diterran\\u00e9e\\u003C\/i\\u003E tir\\u00e9 de \\u003Ci\\u003ELa Vie En Rose\\u003C\/i\\u003E par Productions Jacques Canetti. Piste 19. Genre&nbsp;: Alternatif\",\"meta\":{\"artist\":\"Productions Jacques Canetti\",\"album\":\"La Vie En Rose\",\"genre\":\"Alternatif\",\"length_formatted\":\"0:25\"},\"image\":{\"src\":\"https:\/\/jacques-canetti.com\/wp-includes\/images\/media\/audio.svg\",\"width\":48,\"height\":64},\"thumb\":{\"src\":\"https:\/\/jacques-canetti.com\/wp-includes\/images\/media\/audio.svg\",\"width\":48,\"height\":64}},{\"src\":\"https:\/\/jacques-canetti.com\/wp-content\/uploads\/2014\/04\/20-Interview-N\\u00b0-1.mp3\",\"type\":\"audio\/mpeg\",\"title\":\"Interview N\\u00b0 1\",\"caption\":\"\",\"description\":\"\\u003Ci\\u003E20 Interview N\\u00b0 1\\u003C\/i\\u003E tir\\u00e9 de \\u003Ci\\u003ELa Vie En Rose\\u003C\/i\\u003E par Productions Jacques Canetti. Piste 20. Genre&nbsp;: Alternatif\",\"meta\":{\"artist\":\"Productions Jacques Canetti\",\"album\":\"La Vie En Rose\",\"genre\":\"Alternatif\",\"length_formatted\":\"0:25\"},\"image\":{\"src\":\"https:\/\/jacques-canetti.com\/wp-includes\/images\/media\/audio.svg\",\"width\":48,\"height\":64},\"thumb\":{\"src\":\"https:\/\/jacques-canetti.com\/wp-includes\/images\/media\/audio.svg\",\"width\":48,\"height\":64}},{\"src\":\"https:\/\/jacques-canetti.com\/wp-content\/uploads\/2014\/04\/21-Interview-N\\u00b0-2.mp3\",\"type\":\"audio\/mpeg\",\"title\":\"Interview N\\u00b0 2\",\"caption\":\"\",\"description\":\"\\u003Ci\\u003E21 Interview N\\u00b0 2\\u003C\/i\\u003E tir\\u00e9 de \\u003Ci\\u003ELa Vie En Rose\\u003C\/i\\u003E par Productions Jacques Canetti. Piste 21. Genre&nbsp;: Alternatif\",\"meta\":{\"artist\":\"Productions Jacques Canetti\",\"album\":\"La Vie En Rose\",\"genre\":\"Alternatif\",\"length_formatted\":\"0:25\"},\"image\":{\"src\":\"https:\/\/jacques-canetti.com\/wp-includes\/images\/media\/audio.svg\",\"width\":48,\"height\":64},\"thumb\":{\"src\":\"https:\/\/jacques-canetti.com\/wp-includes\/images\/media\/audio.svg\",\"width\":48,\"height\":64}},{\"src\":\"https:\/\/jacques-canetti.com\/wp-content\/uploads\/2014\/04\/22-Interview-N\\u00b0-3.mp3\",\"type\":\"audio\/mpeg\",\"title\":\"Interview N\\u00b0 3\",\"caption\":\"\",\"description\":\"\\u003Ci\\u003E22 Interview N\\u00b0 3\\u003C\/i\\u003E tir\\u00e9 de \\u003Ci\\u003ELa Vie En Rose\\u003C\/i\\u003E par Productions Jacques Canetti. Piste 22. Genre&nbsp;: Alternatif\",\"meta\":{\"artist\":\"Productions Jacques Canetti\",\"album\":\"La Vie En Rose\",\"genre\":\"Alternatif\",\"length_formatted\":\"0:25\"},\"image\":{\"src\":\"https:\/\/jacques-canetti.com\/wp-includes\/images\/media\/audio.svg\",\"width\":48,\"height\":64},\"thumb\":{\"src\":\"https:\/\/jacques-canetti.com\/wp-includes\/images\/media\/audio.svg\",\"width\":48,\"height\":64}},{\"src\":\"https:\/\/jacques-canetti.com\/wp-content\/uploads\/2014\/04\/23-Interview-N\\u00b0-4.mp3\",\"type\":\"audio\/mpeg\",\"title\":\"Interview N\\u00b0 4\",\"caption\":\"\",\"description\":\"\\u003Ci\\u003E23 Interview N\\u00b0 4\\u003C\/i\\u003E tir\\u00e9 de \\u003Ci\\u003ELa Vie En Rose\\u003C\/i\\u003E par Productions Jacques Canetti. Piste 23. Genre&nbsp;: Alternatif\",\"meta\":{\"artist\":\"Productions Jacques Canetti\",\"album\":\"La Vie En Rose\",\"genre\":\"Alternatif\",\"length_formatted\":\"0:25\"},\"image\":{\"src\":\"https:\/\/jacques-canetti.com\/wp-includes\/images\/media\/audio.svg\",\"width\":48,\"height\":64},\"thumb\":{\"src\":\"https:\/\/jacques-canetti.com\/wp-includes\/images\/media\/audio.svg\",\"width\":48,\"height\":64}},{\"src\":\"https:\/\/jacques-canetti.com\/wp-content\/uploads\/2014\/04\/24-Interview-N\\u00b0-5.mp3\",\"type\":\"audio\/mpeg\",\"title\":\"Interview N\\u00b0 5\",\"caption\":\"\",\"description\":\"\\u003Ci\\u003E24 Interview N\\u00b0 5\\u003C\/i\\u003E tir\\u00e9 de \\u003Ci\\u003ELa Vie En Rose\\u003C\/i\\u003E par Productions Jacques Canetti. Piste 24. Genre&nbsp;: Alternatif\",\"meta\":{\"artist\":\"Productions Jacques Canetti\",\"album\":\"La Vie En Rose\",\"genre\":\"Alternatif\",\"length_formatted\":\"0:25\"},\"image\":{\"src\":\"https:\/\/jacques-canetti.com\/wp-includes\/images\/media\/audio.svg\",\"width\":48,\"height\":64},\"thumb\":{\"src\":\"https:\/\/jacques-canetti.com\/wp-includes\/images\/media\/audio.svg\",\"width\":48,\"height\":64}},{\"src\":\"https:\/\/jacques-canetti.com\/wp-content\/uploads\/2014\/04\/25-Interview-N\\u00b0-6.mp3\",\"type\":\"audio\/mpeg\",\"title\":\"Interview N\\u00b0 6\",\"caption\":\"\",\"description\":\"\\u003Ci\\u003E25 Interview N\\u00b0 6\\u003C\/i\\u003E tir\\u00e9 de \\u003Ci\\u003ELa Vie En Rose\\u003C\/i\\u003E par Productions Jacques Canetti. Piste 25. Genre&nbsp;: Alternatif\",\"meta\":{\"artist\":\"Productions Jacques Canetti\",\"album\":\"La Vie En Rose\",\"genre\":\"Alternatif\",\"length_formatted\":\"0:25\"},\"image\":{\"src\":\"https:\/\/jacques-canetti.com\/wp-includes\/images\/media\/audio.svg\",\"width\":48,\"height\":64},\"thumb\":{\"src\":\"https:\/\/jacques-canetti.com\/wp-includes\/images\/media\/audio.svg\",\"width\":48,\"height\":64}}]}<\/script>\n<\/div>\n\t\n<h2><span style=\"font-weight: normal;\">[\/vc_accordion_tab][\/vc_accordion][\/vc_column][\/vc_row]<\/span><\/h2>\n<hr \/>\n<p>&nbsp;<\/p>\n<h2><strong>Artist story<\/strong><\/h2>\n<p>Small lady but giant of French music, Edith Piaf is still the symbol of France in the world. Her first radio appearance accompanied by Jacques Canetti \u00a0playing the piano to her\u00a0American tour, &#8220;La m\u00f4me&#8221; remains a legendary artist, having lived\u00a0between success and despairs. She crossed path\u00a0with the Greatest and lived\u00a0for her\u00a0audience. Fatigued by too much physical and love\u00a0suffering, she died at only 47 years in 1963.<\/p>\n<\/div>","protected":false},"excerpt":{"rendered":"<p>Includes <strong>19 successes of the <em>M\u00f4me Piaf<\/em><\/strong> partly recorded by the man who helped her to take her first steps in the world of music; Jacques Canetti :\u00a0<em>La vie en rose, Padam Padam, l&#8217;Hymne \u00e0 l&#8217;amour, Les feuilles mortes, Mon l\u00e9gionnaire, Mon amant de la coloniale&#8230;<\/em><\/p>\n<p>And, for the first time, an exclusive bonus: interviews with Edith Piaf in which she describes the early days, her encounter with Marguerite Monnot, Lepl\u00e9e\u2019s suicide, the story behind the song <em>La vie en rose<\/em>&#8230;<\/p>\n","protected":false},"featured_media":3567,"comment_status":"closed","ping_status":"closed","template":"","meta":{"_seopress_robots_primary_cat":"","_seopress_titles_title":"","_seopress_titles_desc":"","_seopress_robots_index":""},"product_brand":[],"product_cat":[130],"product_tag":[158],"class_list":{"0":"post-5152","1":"product","2":"type-product","3":"status-publish","4":"has-post-thumbnail","6":"product_cat-cd-dvd-en","7":"product_tag-edith-piaf-en","8":"description-off","10":"first","11":"instock","12":"purchasable","13":"product-type-simple"},"_links":{"self":[{"href":"https:\/\/jacques-canetti.com\/en\/wp-json\/wp\/v2\/product\/5152","targetHints":{"allow":["GET"]}}],"collection":[{"href":"https:\/\/jacques-canetti.com\/en\/wp-json\/wp\/v2\/product"}],"about":[{"href":"https:\/\/jacques-canetti.com\/en\/wp-json\/wp\/v2\/types\/product"}],"replies":[{"embeddable":true,"href":"https:\/\/jacques-canetti.com\/en\/wp-json\/wp\/v2\/comments?post=5152"}],"wp:featuredmedia":[{"embeddable":true,"href":"https:\/\/jacques-canetti.com\/en\/wp-json\/wp\/v2\/media\/3567"}],"wp:attachment":[{"href":"https:\/\/jacques-canetti.com\/en\/wp-json\/wp\/v2\/media?parent=5152"}],"wp:term":[{"taxonomy":"product_brand","embeddable":true,"href":"https:\/\/jacques-canetti.com\/en\/wp-json\/wp\/v2\/product_brand?post=5152"},{"taxonomy":"product_cat","embeddable":true,"href":"https:\/\/jacques-canetti.com\/en\/wp-json\/wp\/v2\/product_cat?post=5152"},{"taxonomy":"product_tag","embeddable":true,"href":"https:\/\/jacques-canetti.com\/en\/wp-json\/wp\/v2\/product_tag?post=5152"}],"curies":[{"name":"wp","href":"https:\/\/api.w.org\/{rel}","templated":true}]}}